{"id":6112,"date":"2023-04-14T13:20:49","date_gmt":"2023-04-14T11:20:49","guid":{"rendered":"https:\/\/www.lamarette.com\/faq\/"},"modified":"2023-04-18T09:37:37","modified_gmt":"2023-04-18T07:37:37","slug":"faq","status":"publish","type":"page","link":"https:\/\/www.lamarette.com\/de\/faq\/","title":{"rendered":"FAQ"},"content":{"rendered":"<div class=\"fusion-fullwidth fullwidth-box fusion-builder-row-1 fusion-flex-container nonhundred-percent-fullwidth non-hundred-percent-height-scrolling\" style=\"background-color: rgba(255,255,255,0);background-position: center center;background-repeat: no-repeat;border-width: 0px 0px 0px 0px;border-color:#eae9e9;border-style:solid;\" ><div class=\"fusion-builder-row fusion-row fusion-flex-align-items-flex-start\" style=\"max-width:1664px;margin-left: calc(-4% \/ 2 );margin-right: calc(-4% \/ 2 );\"><div class=\"fusion-layout-column fusion_builder_column fusion-builder-column-0 fusion_builder_column_1_1 1_1 fusion-flex-column\"><div class=\"fusion-column-wrapper fusion-flex-justify-content-flex-start fusion-content-layout-column\" style=\"background-position:left top;background-repeat:no-repeat;-webkit-background-size:cover;-moz-background-size:cover;-o-background-size:cover;background-size:cover;padding: 0px 0px 0px 0px;\"><div class=\"fusion-text fusion-text-1\" style=\"transform:translate3d(0,0,0);\"><p>Im Folgenden haben wir die am h\u00e4ufigsten gestellten Fragen aufgelistet, damit Ihr Aufenthalt bei uns so reibungslos wie m\u00f6glich verl\u00e4uft. Wir haben uns dabei um Vollst\u00e4ndigkeit bem\u00fcht. Sollten Sie einmal keine Antwort auf Ihre Frage finden, wenden Sie sich einfach per E-Mail an uns: reception@lamarette.com<\/p>\n<\/div><\/div><\/div><style type=\"text\/css\">.fusion-body .fusion-builder-column-0{width:100% !important;margin-top : 0px;margin-bottom : 20px;}.fusion-builder-column-0 > .fusion-column-wrapper {padding-top : 0px !important;padding-right : 0px !important;margin-right : 1.92%;padding-bottom : 0px !important;padding-left : 0px !important;margin-left : 1.92%;}@media only screen and (max-width:1024px) {.fusion-body .fusion-builder-column-0{width:100% !important;order : 0;}.fusion-builder-column-0 > .fusion-column-wrapper {margin-right : 1.92%;margin-left : 1.92%;}}@media only screen and (max-width:640px) {.fusion-body .fusion-builder-column-0{width:100% !important;order : 0;}.fusion-builder-column-0 > .fusion-column-wrapper {margin-right : 1.92%;margin-left : 1.92%;}}<\/style><div class=\"fusion-layout-column fusion_builder_column fusion-builder-column-1 fusion_builder_column_1_2 1_2 fusion-flex-column\"><div class=\"fusion-column-wrapper fusion-flex-justify-content-flex-start fusion-content-layout-column\" style=\"background-position:left top;background-repeat:no-repeat;-webkit-background-size:cover;-moz-background-size:cover;-o-background-size:cover;background-size:cover;padding: 0px 0px 0px 0px;\"><style type=\"text\/css\">@media only screen and (max-width:1024px) {.fusion-title.fusion-title-1{margin-top:0px!important;margin-bottom:31px!important;}}@media only screen and (max-width:640px) {.fusion-title.fusion-title-1{margin-top:10px!important;margin-bottom:10px!important;}}<\/style><div class=\"fusion-title title fusion-title-1 fusion-sep-none fusion-title-text fusion-title-size-two\" style=\"margin-top:0px;margin-bottom:31px;\"><h2 class=\"title-heading-left\" style=\"margin:0;\">Buchung<\/h2><\/div><style type=\"text\/css\">.fusion-accordian  #accordion-6112-1 .panel-title a .fa-fusion-box{ color: #ffffff;}.fusion-accordian  #accordion-6112-1 .panel-title a .fa-fusion-box:before{ font-size: 16px; width: 16px;}.fusion-accordian  #accordion-6112-1 .panel-title a{font-size:20px;}.fusion-accordian  #accordion-6112-1 .fa-fusion-box { background-color: #212934;border-color: #212934;}.fusion-accordian  #accordion-6112-1 .panel-title a:hover, #accordion-6112-1 .fusion-toggle-boxed-mode:hover .panel-title a { color: #8abb00;}.fusion-accordian  #accordion-6112-1 .panel-title .active .fa-fusion-box,.fusion-accordian  #accordion-6112-1 .panel-title a:hover .fa-fusion-box { background-color: #8abb00!important;border-color: #8abb00!important;}<\/style><div class=\"accordian fusion-accordian\"><div class=\"panel-group\" id=\"accordion-6112-1\" role=\"tablist\"><div class=\"fusion-panel panel-default\" role=\"tabpanel\"><div class=\"panel-heading\"><h4 class=\"panel-title toggle\"><a aria-expanded=\"false\" aria-selected=\"false\" aria-controls=\"b1cbfc7ed88791a8a\" role=\"tab\" data-toggle=\"collapse\" data-parent=\"#accordion-6112-1\" data-target=\"#b1cbfc7ed88791a8a\" href=\"#b1cbfc7ed88791a8a\"><span class=\"fusion-toggle-icon-wrapper\" aria-hidden=\"true\"><i class=\"fa-fusion-box\" aria-hidden=\"true\"><\/i><\/span><span class=\"fusion-toggle-heading\">Wie kann ich buchen?<\/span><\/a><\/h4><\/div><div id=\"b1cbfc7ed88791a8a\" class=\"panel-collapse collapse \"><div class=\"panel-body toggle-content fusion-clearfix\">Sie k\u00f6nnen Ihre Buchung direkt auf der Website t\u00e4tigen, wo die Verf\u00fcgbarkeit in Echtzeit angezeigt wird, oder uns eine Anfrage per E-Mail senden: reception@lamarette.com<\/div><\/div><\/div><div class=\"fusion-panel panel-default\" role=\"tabpanel\"><div class=\"panel-heading\"><h4 class=\"panel-title toggle\"><a aria-expanded=\"false\" aria-selected=\"false\" aria-controls=\"294b0f73ed8d82ae2\" role=\"tab\" data-toggle=\"collapse\" data-parent=\"#accordion-6112-1\" data-target=\"#294b0f73ed8d82ae2\" href=\"#294b0f73ed8d82ae2\"><span class=\"fusion-toggle-icon-wrapper\" aria-hidden=\"true\"><i class=\"fa-fusion-box\" aria-hidden=\"true\"><\/i><\/span><span class=\"fusion-toggle-heading\">Welche Zahlungsmittel akzeptieren Sie?<\/span><\/a><\/h4><\/div><div id=\"294b0f73ed8d82ae2\" class=\"panel-collapse collapse \"><div class=\"panel-body toggle-content fusion-clearfix\">Kreditkarte, \u00dcberweisung, Barzahlung.<\/div><\/div><\/div><div class=\"fusion-panel panel-default\" role=\"tabpanel\"><div class=\"panel-heading\"><h4 class=\"panel-title toggle\"><a aria-expanded=\"false\" aria-selected=\"false\" aria-controls=\"0cdbd8c4f9c1ff5c8\" role=\"tab\" data-toggle=\"collapse\" data-parent=\"#accordion-6112-1\" data-target=\"#0cdbd8c4f9c1ff5c8\" href=\"#0cdbd8c4f9c1ff5c8\"><span class=\"fusion-toggle-icon-wrapper\" aria-hidden=\"true\"><i class=\"fa-fusion-box\" aria-hidden=\"true\"><\/i><\/span><span class=\"fusion-toggle-heading\">Wann muss ich den Restbetrag f\u00fcr meine Buchung bezahlen?<\/span><\/a><\/h4><\/div><div id=\"0cdbd8c4f9c1ff5c8\" class=\"panel-collapse collapse \"><div class=\"panel-body toggle-content fusion-clearfix\">Bei der Bestellung zahlen Sie 25 % an. Um Ihre Buchungsanfrage endg\u00fcltig zu best\u00e4tigen, muss der Restbetrag 30 Tage vor Ihrer Ankunft bezahlt worden sein.<\/div><\/div><\/div><div class=\"fusion-panel panel-default\" role=\"tabpanel\"><div class=\"panel-heading\"><h4 class=\"panel-title toggle\"><a aria-expanded=\"false\" aria-selected=\"false\" aria-controls=\"b1f7f5f0575f3b276\" role=\"tab\" data-toggle=\"collapse\" data-parent=\"#accordion-6112-1\" data-target=\"#b1f7f5f0575f3b276\" href=\"#b1f7f5f0575f3b276\"><span class=\"fusion-toggle-icon-wrapper\" aria-hidden=\"true\"><i class=\"fa-fusion-box\" aria-hidden=\"true\"><\/i><\/span><span class=\"fusion-toggle-heading\">Wie kann ich eine Buchung stornieren?<\/span><\/a><\/h4><\/div><div id=\"b1f7f5f0575f3b276\" class=\"panel-collapse collapse \"><div class=\"panel-body toggle-content fusion-clearfix\">Bitte lesen Sie unsere AGB.<\/div><\/div><\/div><div class=\"fusion-panel panel-default\" role=\"tabpanel\"><div class=\"panel-heading\"><h4 class=\"panel-title toggle\"><a aria-expanded=\"false\" aria-selected=\"false\" aria-controls=\"9360bd8ad798ae0c4\" role=\"tab\" data-toggle=\"collapse\" data-parent=\"#accordion-6112-1\" data-target=\"#9360bd8ad798ae0c4\" href=\"#9360bd8ad798ae0c4\"><span class=\"fusion-toggle-icon-wrapper\" aria-hidden=\"true\"><i class=\"fa-fusion-box\" aria-hidden=\"true\"><\/i><\/span><span class=\"fusion-toggle-heading\">Ist es m\u00f6glich, mehrere Chalets oder Stellpl\u00e4tze zu mieten, wenn ich mit Freunden oder mehreren Familien zusammenwohnen m\u00f6chte?<\/span><\/a><\/h4><\/div><div id=\"9360bd8ad798ae0c4\" class=\"panel-collapse collapse \"><div class=\"panel-body toggle-content fusion-clearfix\">Ja, bitte kontaktieren Sie uns, um zu erfahren, welche Optionen verf\u00fcgbar sind, und wir werden unser M\u00f6glichstes tun!<\/div><\/div><\/div><\/div><\/div><\/div><\/div><style type=\"text\/css\">.fusion-body .fusion-builder-column-1{width:50% !important;margin-top : 0px;margin-bottom : 20px;}.fusion-builder-column-1 > .fusion-column-wrapper {padding-top : 0px !important;padding-right : 0px !important;margin-right : 3.84%;padding-bottom : 0px !important;padding-left : 0px !important;margin-left : 3.84%;}@media only screen and (max-width:1024px) {.fusion-body .fusion-builder-column-1{width:100% !important;order : 0;}.fusion-builder-column-1 > .fusion-column-wrapper {margin-right : 1.92%;margin-left : 1.92%;}}@media only screen and (max-width:640px) {.fusion-body .fusion-builder-column-1{width:100% !important;order : 0;}.fusion-builder-column-1 > .fusion-column-wrapper {margin-right : 1.92%;margin-left : 1.92%;}}<\/style><div class=\"fusion-layout-column fusion_builder_column fusion-builder-column-2 fusion_builder_column_1_2 1_2 fusion-flex-column\"><div class=\"fusion-column-wrapper fusion-flex-justify-content-flex-start fusion-content-layout-column\" style=\"background-position:left top;background-repeat:no-repeat;-webkit-background-size:cover;-moz-background-size:cover;-o-background-size:cover;background-size:cover;padding: 0px 0px 0px 0px;\"><style type=\"text\/css\">@media only screen and (max-width:1024px) {.fusion-title.fusion-title-2{margin-top:0px!important;margin-bottom:31px!important;}}@media only screen and (max-width:640px) {.fusion-title.fusion-title-2{margin-top:10px!important;margin-bottom:10px!important;}}<\/style><div class=\"fusion-title title fusion-title-2 fusion-sep-none fusion-title-text fusion-title-size-two\" style=\"margin-top:0px;margin-bottom:31px;\"><h2 class=\"title-heading-left\" style=\"margin:0;\">Mietunterk\u00fcnfte<\/h2><\/div><style type=\"text\/css\">.fusion-accordian  #accordion-6112-2 .panel-title a .fa-fusion-box{ color: #ffffff;}.fusion-accordian  #accordion-6112-2 .panel-title a .fa-fusion-box:before{ font-size: 16px; width: 16px;}.fusion-accordian  #accordion-6112-2 .panel-title a{font-size:20px;}.fusion-accordian  #accordion-6112-2 .fa-fusion-box { background-color: #212934;border-color: #212934;}.fusion-accordian  #accordion-6112-2 .panel-title a:hover, #accordion-6112-2 .fusion-toggle-boxed-mode:hover .panel-title a { color: #8abb00;}.fusion-accordian  #accordion-6112-2 .panel-title .active .fa-fusion-box,.fusion-accordian  #accordion-6112-2 .panel-title a:hover .fa-fusion-box { background-color: #8abb00!important;border-color: #8abb00!important;}<\/style><div class=\"accordian fusion-accordian\"><div class=\"panel-group\" id=\"accordion-6112-2\" role=\"tablist\"><div class=\"fusion-panel panel-default\" role=\"tabpanel\"><div class=\"panel-heading\"><h4 class=\"panel-title toggle\"><a aria-expanded=\"false\" aria-selected=\"false\" aria-controls=\"0728e254a38a80e76\" role=\"tab\" data-toggle=\"collapse\" data-parent=\"#accordion-6112-2\" data-target=\"#0728e254a38a80e76\" href=\"#0728e254a38a80e76\"><span class=\"fusion-toggle-icon-wrapper\" aria-hidden=\"true\"><i class=\"fa-fusion-box\" aria-hidden=\"true\"><\/i><\/span><span class=\"fusion-toggle-heading\">Wie ist das Mobilheim ausgestattet?<\/span><\/a><\/h4><\/div><div id=\"0728e254a38a80e76\" class=\"panel-collapse collapse \"><div class=\"panel-body toggle-content fusion-clearfix\">Jede Mietunterkunft ist komplett ausgestattet und verf\u00fcgt \u00fcber Geschirr, K\u00fchlschrank, elektrische Kaffeemaschine, Mikrowelle, Bettdecke, Kopfkissen. Eine Inventarliste wird Ihnen 8 Tage vor Ihrer Anreise zugeschickt.<br \/>\nBettw\u00e4sche, Kopfkissenbez\u00fcge (au\u00dfer wenn ausdr\u00fccklich angegeben ist, dass die Betten bei der Ankunft gemacht sind), Handt\u00fccher, K\u00fcchenhandt\u00fccher und Reinigungsmittel werden nicht bereitgestellt.<\/div><\/div><\/div><div class=\"fusion-panel panel-default\" role=\"tabpanel\"><div class=\"panel-heading\"><h4 class=\"panel-title toggle\"><a aria-expanded=\"false\" aria-selected=\"false\" aria-controls=\"af8d0af120f4e81f0\" role=\"tab\" data-toggle=\"collapse\" data-parent=\"#accordion-6112-2\" data-target=\"#af8d0af120f4e81f0\" href=\"#af8d0af120f4e81f0\"><span class=\"fusion-toggle-icon-wrapper\" aria-hidden=\"true\"><i class=\"fa-fusion-box\" aria-hidden=\"true\"><\/i><\/span><span class=\"fusion-toggle-heading\">Besteht die M\u00f6glichkeit, ein Babybett oder einen Hochstuhl zu mieten?<\/span><\/a><\/h4><\/div><div id=\"af8d0af120f4e81f0\" class=\"panel-collapse collapse \"><div class=\"panel-body toggle-content fusion-clearfix\">Ja, gegen eine Geb\u00fchr von 2 \u20ac pro Tag und St\u00fcck. Wir empfehlen Ihnen jedoch dringend, diese bereits vorab zu reservieren!<\/div><\/div><\/div><div class=\"fusion-panel panel-default\" role=\"tabpanel\"><div class=\"panel-heading\"><h4 class=\"panel-title toggle\"><a aria-expanded=\"false\" aria-selected=\"false\" aria-controls=\"3f9496e169cd88f94\" role=\"tab\" data-toggle=\"collapse\" data-parent=\"#accordion-6112-2\" data-target=\"#3f9496e169cd88f94\" href=\"#3f9496e169cd88f94\"><span class=\"fusion-toggle-icon-wrapper\" aria-hidden=\"true\"><i class=\"fa-fusion-box\" aria-hidden=\"true\"><\/i><\/span><span class=\"fusion-toggle-heading\">Wird Bettw\u00e4sche zur Verf\u00fcgung gestellt?<\/span><\/a><\/h4><\/div><div id=\"3f9496e169cd88f94\" class=\"panel-collapse collapse \"><div class=\"panel-body toggle-content fusion-clearfix\">Nein, au\u00dfer in unseren Mietunterk\u00fcnften der Kategorien PRIVILEGES und PREMIUM. Bettw\u00e4sche kann gegen eine Geb\u00fchr von 10 \u20ac pro Set\/Bett gemietet werden.<\/div><\/div><\/div><div class=\"fusion-panel panel-default\" role=\"tabpanel\"><div class=\"panel-heading\"><h4 class=\"panel-title toggle\"><a aria-expanded=\"false\" aria-selected=\"false\" aria-controls=\"7845d02275c471c3f\" role=\"tab\" data-toggle=\"collapse\" data-parent=\"#accordion-6112-2\" data-target=\"#7845d02275c471c3f\" href=\"#7845d02275c471c3f\"><span class=\"fusion-toggle-icon-wrapper\" aria-hidden=\"true\"><i class=\"fa-fusion-box\" aria-hidden=\"true\"><\/i><\/span><span class=\"fusion-toggle-heading\">Sind die Unterk\u00fcnfte klimatisiert?<\/span><\/a><\/h4><\/div><div id=\"7845d02275c471c3f\" class=\"panel-collapse collapse \"><div class=\"panel-body toggle-content fusion-clearfix\">\n<p>Der Pinienwald ist unsere nat\u00fcrliche Klimaanlage: Im Schatten der Kiefern genie\u00dfen Sie immer eine angenehme Temperatur. Atmen Sie den Duft der Nadelb\u00e4ume ein, h\u00f6ren Sie, wie sich ihre Rinde in der Sonne br\u00e4unt&#8230; Ihr Urlaub hat begonnen.<\/p>\n<\/div><\/div><\/div><div class=\"fusion-panel panel-default\" role=\"tabpanel\"><div class=\"panel-heading\"><h4 class=\"panel-title toggle\"><a aria-expanded=\"false\" aria-selected=\"false\" aria-controls=\"f7f6edbda94b83c22\" role=\"tab\" data-toggle=\"collapse\" data-parent=\"#accordion-6112-2\" data-target=\"#f7f6edbda94b83c22\" href=\"#f7f6edbda94b83c22\"><span class=\"fusion-toggle-icon-wrapper\" aria-hidden=\"true\"><i class=\"fa-fusion-box\" aria-hidden=\"true\"><\/i><\/span><span class=\"fusion-toggle-heading\">Ist die Unterkunft mit einem TV-Ger\u00e4t ausgestattet?<\/span><\/a><\/h4><\/div><div id=\"f7f6edbda94b83c22\" class=\"panel-collapse collapse \"><div class=\"panel-body toggle-content fusion-clearfix\">Ein TV-Ger\u00e4t geh\u00f6rt ab der Kategorie Premium zur Ausstattung einer Mietunterkunft. Rufen Sie uns einfach w\u00e4hrend Ihrer Buchung an, wir helfen Ihnen gerne bei der Auswahl des passenden Mobilheims oder Cottages f\u00fcr einen Urlaub mit TV!<\/div><\/div><\/div><div class=\"fusion-panel panel-default\" role=\"tabpanel\"><div class=\"panel-heading\"><h4 class=\"panel-title toggle\"><a aria-expanded=\"false\" aria-selected=\"false\" aria-controls=\"9af715fb0cd761232\" role=\"tab\" data-toggle=\"collapse\" data-parent=\"#accordion-6112-2\" data-target=\"#9af715fb0cd761232\" href=\"#9af715fb0cd761232\"><span class=\"fusion-toggle-icon-wrapper\" aria-hidden=\"true\"><i class=\"fa-fusion-box\" aria-hidden=\"true\"><\/i><\/span><span class=\"fusion-toggle-heading\">Kann ich ein zweites Fahrzeug neben meiner Unterkunft parken?<\/span><\/a><\/h4><\/div><div id=\"9af715fb0cd761232\" class=\"panel-collapse collapse \"><div class=\"panel-body toggle-content fusion-clearfix\">Leider nicht, jedoch stehen Ihnen auf dem Campingplatzgel\u00e4nde mehrere Parkpl\u00e4tze zur Verf\u00fcgung.<\/div><\/div><\/div><div class=\"fusion-panel panel-default\" role=\"tabpanel\"><div class=\"panel-heading\"><h4 class=\"panel-title toggle\"><a aria-expanded=\"false\" aria-selected=\"false\" aria-controls=\"095175defe036e0a0\" role=\"tab\" data-toggle=\"collapse\" data-parent=\"#accordion-6112-2\" data-target=\"#095175defe036e0a0\" href=\"#095175defe036e0a0\"><span class=\"fusion-toggle-icon-wrapper\" aria-hidden=\"true\"><i class=\"fa-fusion-box\" aria-hidden=\"true\"><\/i><\/span><span class=\"fusion-toggle-heading\">Ist mein Hund in der Mietunterkunft erlaubt?<\/span><\/a><\/h4><\/div><div id=\"095175defe036e0a0\" class=\"panel-collapse collapse \"><div class=\"panel-body toggle-content fusion-clearfix\">Haustiere sind auf unserem Campingplatz herzlich willkommen: Sie m\u00fcssen angeleint sein und d\u00fcrfen nicht alleine in einer Unterkunft gelassen werden. Alle Tiere m\u00fcssen t\u00e4towiert und geimpft sein und \u00fcber einen aktuellen Gesundheitspass verf\u00fcgen. Hunde der Kategorie 1 und 2 sind auf dem Campingplatz nicht zugelassen.<br \/>\nWir sind Partner der Seite \u201eEmm\u00e8nes ton chien en vacances\u201c (\u201eNimm deinen Hund mit in den Urlaub\u201c), um gegen das Aussetzen unserer vierbeinigen Freunde zu k\u00e4mpfen.<\/div><\/div><\/div><div class=\"fusion-panel panel-default\" role=\"tabpanel\"><div class=\"panel-heading\"><h4 class=\"panel-title toggle\"><a aria-expanded=\"false\" aria-selected=\"false\" aria-controls=\"d51159ead6dba47ac\" role=\"tab\" data-toggle=\"collapse\" data-parent=\"#accordion-6112-2\" data-target=\"#d51159ead6dba47ac\" href=\"#d51159ead6dba47ac\"><span class=\"fusion-toggle-icon-wrapper\" aria-hidden=\"true\"><i class=\"fa-fusion-box\" aria-hidden=\"true\"><\/i><\/span><span class=\"fusion-toggle-heading\">Besteht die M\u00f6glichkeit, sich seine Unterkunft auszusuchen?<\/span><\/a><\/h4><\/div><div id=\"d51159ead6dba47ac\" class=\"panel-collapse collapse \"><div class=\"panel-body toggle-content fusion-clearfix\">Gerne k\u00f6nnen Sie uns Ihre Pr\u00e4ferenz mitteilen, wir werden alles versuchen, um Ihnen Ihre W\u00fcnsche zu erf\u00fcllen.<\/div><\/div><\/div><div class=\"fusion-panel panel-default\" role=\"tabpanel\"><div class=\"panel-heading\"><h4 class=\"panel-title toggle\"><a aria-expanded=\"false\" aria-selected=\"false\" aria-controls=\"de7abc10d9b714d33\" role=\"tab\" data-toggle=\"collapse\" data-parent=\"#accordion-6112-2\" data-target=\"#de7abc10d9b714d33\" href=\"#de7abc10d9b714d33\"><span class=\"fusion-toggle-icon-wrapper\" aria-hidden=\"true\"><i class=\"fa-fusion-box\" aria-hidden=\"true\"><\/i><\/span><span class=\"fusion-toggle-heading\">Bieten Sie eine Endreinigungspauschale an?<\/span><\/a><\/h4><\/div><div id=\"de7abc10d9b714d33\" class=\"panel-collapse collapse \"><div class=\"panel-body toggle-content fusion-clearfix\">Diese k\u00f6nnen Sie vorab oder vor Ort buchen (Reinigung der K\u00fcche nicht inklusive) \u2013 Geb\u00fchr: 90 \u20ac<\/div><\/div><\/div><div class=\"fusion-panel panel-default\" role=\"tabpanel\"><div class=\"panel-heading\"><h4 class=\"panel-title toggle\"><a aria-expanded=\"false\" aria-selected=\"false\" aria-controls=\"2a1245a4bbc025eb0\" role=\"tab\" data-toggle=\"collapse\" data-parent=\"#accordion-6112-2\" data-target=\"#2a1245a4bbc025eb0\" href=\"#2a1245a4bbc025eb0\"><span class=\"fusion-toggle-icon-wrapper\" aria-hidden=\"true\"><i class=\"fa-fusion-box\" aria-hidden=\"true\"><\/i><\/span><span class=\"fusion-toggle-heading\">Kann ich ein Zelt neben der von mir gebuchten Unterkunft aufstellen?<\/span><\/a><\/h4><\/div><div id=\"2a1245a4bbc025eb0\" class=\"panel-collapse collapse \"><div class=\"panel-body toggle-content fusion-clearfix\">Campingausr\u00fcstung (Zelt, Wohnwagen, Wohnmobil, Pavillon &#8230;) ist in den Bereichen, die f\u00fcr Mietunterk\u00fcnfte vorgesehen sind, nicht erlaubt.<\/div><\/div><\/div><\/div><\/div><\/div><\/div><style type=\"text\/css\">.fusion-body .fusion-builder-column-2{width:50% !important;margin-top : 0px;margin-bottom : 20px;}.fusion-builder-column-2 > .fusion-column-wrapper {padding-top : 0px !important;padding-right : 0px !important;margin-right : 3.84%;padding-bottom : 0px !important;padding-left : 0px !important;margin-left : 3.84%;}@media only screen and (max-width:1024px) {.fusion-body .fusion-builder-column-2{width:100% !important;order : 0;}.fusion-builder-column-2 > .fusion-column-wrapper {margin-right : 1.92%;margin-left : 1.92%;}}@media only screen and (max-width:640px) {.fusion-body .fusion-builder-column-2{width:100% !important;order : 0;}.fusion-builder-column-2 > .fusion-column-wrapper {margin-right : 1.92%;margin-left : 1.92%;}}<\/style><div class=\"fusion-layout-column fusion_builder_column fusion-builder-column-3 fusion_builder_column_1_2 1_2 fusion-flex-column\"><div class=\"fusion-column-wrapper fusion-flex-justify-content-flex-start fusion-content-layout-column\" style=\"background-position:left top;background-repeat:no-repeat;-webkit-background-size:cover;-moz-background-size:cover;-o-background-size:cover;background-size:cover;padding: 0px 0px 0px 0px;\"><style type=\"text\/css\">@media only screen and (max-width:1024px) {.fusion-title.fusion-title-3{margin-top:0px!important;margin-bottom:31px!important;}}@media only screen and (max-width:640px) {.fusion-title.fusion-title-3{margin-top:10px!important;margin-bottom:10px!important;}}<\/style><div class=\"fusion-title title fusion-title-3 fusion-sep-none fusion-title-text fusion-title-size-two\" style=\"margin-top:0px;margin-bottom:31px;\"><h2 class=\"title-heading-left\" style=\"margin:0;\">Stellplatz<\/h2><\/div><style type=\"text\/css\">.fusion-accordian  #accordion-6112-3 .panel-title a .fa-fusion-box{ color: #ffffff;}.fusion-accordian  #accordion-6112-3 .panel-title a .fa-fusion-box:before{ font-size: 16px; width: 16px;}.fusion-accordian  #accordion-6112-3 .panel-title a{font-size:20px;}.fusion-accordian  #accordion-6112-3 .fa-fusion-box { background-color: #212934;border-color: #212934;}.fusion-accordian  #accordion-6112-3 .panel-title a:hover, #accordion-6112-3 .fusion-toggle-boxed-mode:hover .panel-title a { color: #8abb00;}.fusion-accordian  #accordion-6112-3 .panel-title .active .fa-fusion-box,.fusion-accordian  #accordion-6112-3 .panel-title a:hover .fa-fusion-box { background-color: #8abb00!important;border-color: #8abb00!important;}<\/style><div class=\"accordian fusion-accordian\"><div class=\"panel-group\" id=\"accordion-6112-3\" role=\"tablist\"><div class=\"fusion-panel panel-default\" role=\"tabpanel\"><div class=\"panel-heading\"><h4 class=\"panel-title toggle\"><a aria-expanded=\"false\" aria-selected=\"false\" aria-controls=\"be1c6545c49e9cd49\" role=\"tab\" data-toggle=\"collapse\" data-parent=\"#accordion-6112-3\" data-target=\"#be1c6545c49e9cd49\" href=\"#be1c6545c49e9cd49\"><span class=\"fusion-toggle-icon-wrapper\" aria-hidden=\"true\"><i class=\"fa-fusion-box\" aria-hidden=\"true\"><\/i><\/span><span class=\"fusion-toggle-heading\">Ist eine Reservierung f\u00fcr Stellpl\u00e4tze erforderlich?<\/span><\/a><\/h4><\/div><div id=\"be1c6545c49e9cd49\" class=\"panel-collapse collapse \"><div class=\"panel-body toggle-content fusion-clearfix\">Es wird dringend empfohlen, w\u00e4hrend der Sommerferien einen Stellplatz zu reservieren.<\/div><\/div><\/div><div class=\"fusion-panel panel-default\" role=\"tabpanel\"><div class=\"panel-heading\"><h4 class=\"panel-title toggle\"><a aria-expanded=\"false\" aria-selected=\"false\" aria-controls=\"2400d6f9e769ae639\" role=\"tab\" data-toggle=\"collapse\" data-parent=\"#accordion-6112-3\" data-target=\"#2400d6f9e769ae639\" href=\"#2400d6f9e769ae639\"><span class=\"fusion-toggle-icon-wrapper\" aria-hidden=\"true\"><i class=\"fa-fusion-box\" aria-hidden=\"true\"><\/i><\/span><span class=\"fusion-toggle-heading\">Welche Art von Steckdosen gibt es auf den Stellpl\u00e4tzen?<\/span><\/a><\/h4><\/div><div id=\"2400d6f9e769ae639\" class=\"panel-collapse collapse \"><div class=\"panel-body toggle-content fusion-clearfix\">CEE-Steckdosen (bitte ein mindestens 25 m langes Verl\u00e4ngerungskabel mitbringen).<\/div><\/div><\/div><div class=\"fusion-panel panel-default\" role=\"tabpanel\"><div class=\"panel-heading\"><h4 class=\"panel-title toggle\"><a aria-expanded=\"false\" aria-selected=\"false\" aria-controls=\"9483f80fff8e763ab\" role=\"tab\" data-toggle=\"collapse\" data-parent=\"#accordion-6112-3\" data-target=\"#9483f80fff8e763ab\" href=\"#9483f80fff8e763ab\"><span class=\"fusion-toggle-icon-wrapper\" aria-hidden=\"true\"><i class=\"fa-fusion-box\" aria-hidden=\"true\"><\/i><\/span><span class=\"fusion-toggle-heading\">Besteht die M\u00f6glichkeit, einen K\u00fchlschrank f\u00fcr Camper zu mieten?<\/span><\/a><\/h4><\/div><div id=\"9483f80fff8e763ab\" class=\"panel-collapse collapse \"><div class=\"panel-body toggle-content fusion-clearfix\">Ja, je nach Verf\u00fcgbarkeit. Wir empfehlen, dies bereits bei Ihrer Buchung anzugeben. Auf den Stellpl\u00e4tzen der Kategorie PRIVILEGE XL ist bereits ein K\u00fchlschrank vorhanden.<\/div><\/div><\/div><div class=\"fusion-panel panel-default\" role=\"tabpanel\"><div class=\"panel-heading\"><h4 class=\"panel-title toggle\"><a aria-expanded=\"false\" aria-selected=\"false\" aria-controls=\"3136d73b2932415dd\" role=\"tab\" data-toggle=\"collapse\" data-parent=\"#accordion-6112-3\" data-target=\"#3136d73b2932415dd\" href=\"#3136d73b2932415dd\"><span class=\"fusion-toggle-icon-wrapper\" aria-hidden=\"true\"><i class=\"fa-fusion-box\" aria-hidden=\"true\"><\/i><\/span><span class=\"fusion-toggle-heading\">Gibt es spezielle Stellpl\u00e4tze f\u00fcr Wohnmobile?<\/span><\/a><\/h4><\/div><div id=\"3136d73b2932415dd\" class=\"panel-collapse collapse \"><div class=\"panel-body toggle-content fusion-clearfix\">Wir haben ein Dutzend ausgewiesene Wohnmobilstellpl\u00e4tze. Vergessen Sie nicht, dies bei Ihrer Buchung zu vermerken.<\/div><\/div><\/div><div class=\"fusion-panel panel-default\" role=\"tabpanel\"><div class=\"panel-heading\"><h4 class=\"panel-title toggle\"><a aria-expanded=\"false\" aria-selected=\"false\" aria-controls=\"33c95e520a94b1fd8\" role=\"tab\" data-toggle=\"collapse\" data-parent=\"#accordion-6112-3\" data-target=\"#33c95e520a94b1fd8\" href=\"#33c95e520a94b1fd8\"><span class=\"fusion-toggle-icon-wrapper\" aria-hidden=\"true\"><i class=\"fa-fusion-box\" aria-hidden=\"true\"><\/i><\/span><span class=\"fusion-toggle-heading\">Gibt es auch Komfortstellpl\u00e4tze?<\/span><\/a><\/h4><\/div><div id=\"33c95e520a94b1fd8\" class=\"panel-collapse collapse \"><div class=\"panel-body toggle-content fusion-clearfix\">Ja, unsere PRIVILEGE XL-Stellpl\u00e4tze (100\/120 m\u00b2 gro\u00dfe Fl\u00e4che, inklusive K\u00fchlschrank und WLAN).<\/div><\/div><\/div><div class=\"fusion-panel panel-default\" role=\"tabpanel\"><div class=\"panel-heading\"><h4 class=\"panel-title toggle\"><a aria-expanded=\"false\" aria-selected=\"false\" aria-controls=\"8dc66fe76ee28554f\" role=\"tab\" data-toggle=\"collapse\" data-parent=\"#accordion-6112-3\" data-target=\"#8dc66fe76ee28554f\" href=\"#8dc66fe76ee28554f\"><span class=\"fusion-toggle-icon-wrapper\" aria-hidden=\"true\"><i class=\"fa-fusion-box\" aria-hidden=\"true\"><\/i><\/span><span class=\"fusion-toggle-heading\">Gibt es Platz f\u00fcr mein Auto auf meinem Stellplatz?<\/span><\/a><\/h4><\/div><div id=\"8dc66fe76ee28554f\" class=\"panel-collapse collapse \"><div class=\"panel-body toggle-content fusion-clearfix\">\n<p>Ja.<\/p>\n<\/div><\/div><\/div><div class=\"fusion-panel panel-default\" role=\"tabpanel\"><div class=\"panel-heading\"><h4 class=\"panel-title toggle\"><a aria-expanded=\"false\" aria-selected=\"false\" aria-controls=\"57148e37e6806884e\" role=\"tab\" data-toggle=\"collapse\" data-parent=\"#accordion-6112-3\" data-target=\"#57148e37e6806884e\" href=\"#57148e37e6806884e\"><span class=\"fusion-toggle-icon-wrapper\" aria-hidden=\"true\"><i class=\"fa-fusion-box\" aria-hidden=\"true\"><\/i><\/span><span class=\"fusion-toggle-heading\">Sind Tiere auf dem Campingplatz erlaubt?<\/span><\/a><\/h4><\/div><div id=\"57148e37e6806884e\" class=\"panel-collapse collapse \"><div class=\"panel-body toggle-content fusion-clearfix\">Haustiere sind auf unserem Campingplatz herzlich willkommen: Sie m\u00fcssen angeleint sein und d\u00fcrfen nicht alleine auf einem Stellplatz gelassen werden. Alle Tiere m\u00fcssen t\u00e4towiert und geimpft sein und \u00fcber einen aktuellen Gesundheitspass verf\u00fcgen. Hunde der Kategorie 1 und 2 sind auf dem Campingplatz nicht zugelassen.<br \/>\nWir sind Partner der Seite \u201eEmm\u00e8nes ton chien en vacances\u201c (\u201eNimm deinen Hund mit in den Urlaub\u201c), um gegen das Aussetzen unserer vierbeinigen Freunde zu k\u00e4mpfen.<\/div><\/div><\/div><div class=\"fusion-panel panel-default\" role=\"tabpanel\"><div class=\"panel-heading\"><h4 class=\"panel-title toggle\"><a aria-expanded=\"false\" aria-selected=\"false\" aria-controls=\"fc5ff61cdb3807671\" role=\"tab\" data-toggle=\"collapse\" data-parent=\"#accordion-6112-3\" data-target=\"#fc5ff61cdb3807671\" href=\"#fc5ff61cdb3807671\"><span class=\"fusion-toggle-icon-wrapper\" aria-hidden=\"true\"><i class=\"fa-fusion-box\" aria-hidden=\"true\"><\/i><\/span><span class=\"fusion-toggle-heading\">Besteht die M\u00f6glichkeit, sich seinen Stellplatz auszusuchen?<\/span><\/a><\/h4><\/div><div id=\"fc5ff61cdb3807671\" class=\"panel-collapse collapse \"><div class=\"panel-body toggle-content fusion-clearfix\">In der Regel ja, je nach Verf\u00fcgbarkeit bei der Buchung. Wir bem\u00fchen uns nach M\u00f6glichkeit, die W\u00fcnsche unserer G\u00e4ste zu erf\u00fcllen oder zumindest alle Kriterien zu ber\u00fccksichtigen.<\/div><\/div><\/div><\/div><\/div><\/div><\/div><style type=\"text\/css\">.fusion-body .fusion-builder-column-3{width:50% !important;margin-top : 0px;margin-bottom : 20px;}.fusion-builder-column-3 > .fusion-column-wrapper {padding-top : 0px !important;padding-right : 0px !important;margin-right : 3.84%;padding-bottom : 0px !important;padding-left : 0px !important;margin-left : 3.84%;}@media only screen and (max-width:1024px) {.fusion-body .fusion-builder-column-3{width:100% !important;order : 0;}.fusion-builder-column-3 > .fusion-column-wrapper {margin-right : 1.92%;margin-left : 1.92%;}}@media only screen and (max-width:640px) {.fusion-body .fusion-builder-column-3{width:100% !important;order : 0;}.fusion-builder-column-3 > .fusion-column-wrapper {margin-right : 1.92%;margin-left : 1.92%;}}<\/style><div class=\"fusion-layout-column fusion_builder_column fusion-builder-column-4 fusion_builder_column_1_2 1_2 fusion-flex-column\"><div class=\"fusion-column-wrapper fusion-flex-justify-content-flex-start fusion-content-layout-column\" style=\"background-position:left top;background-repeat:no-repeat;-webkit-background-size:cover;-moz-background-size:cover;-o-background-size:cover;background-size:cover;padding: 0px 0px 0px 0px;\"><style type=\"text\/css\">@media only screen and (max-width:1024px) {.fusion-title.fusion-title-4{margin-top:0px!important;margin-bottom:31px!important;}}@media only screen and (max-width:640px) {.fusion-title.fusion-title-4{margin-top:10px!important;margin-bottom:10px!important;}}<\/style><div class=\"fusion-title title fusion-title-4 fusion-sep-none fusion-title-text fusion-title-size-two\" style=\"margin-top:0px;margin-bottom:31px;\"><h2 class=\"title-heading-left\" style=\"margin:0;\">Ankunft \/ Abreise<\/h2><\/div><style type=\"text\/css\">.fusion-accordian  #accordion-6112-4 .panel-title a .fa-fusion-box{ color: #ffffff;}.fusion-accordian  #accordion-6112-4 .panel-title a .fa-fusion-box:before{ font-size: 16px; width: 16px;}.fusion-accordian  #accordion-6112-4 .panel-title a{font-size:20px;}.fusion-accordian  #accordion-6112-4 .fa-fusion-box { background-color: #212934;border-color: #212934;}.fusion-accordian  #accordion-6112-4 .panel-title a:hover, #accordion-6112-4 .fusion-toggle-boxed-mode:hover .panel-title a { color: #8abb00;}.fusion-accordian  #accordion-6112-4 .panel-title .active .fa-fusion-box,.fusion-accordian  #accordion-6112-4 .panel-title a:hover .fa-fusion-box { background-color: #8abb00!important;border-color: #8abb00!important;}<\/style><div class=\"accordian fusion-accordian\"><div class=\"panel-group\" id=\"accordion-6112-4\" role=\"tablist\"><div class=\"fusion-panel panel-default\" role=\"tabpanel\"><div class=\"panel-heading\"><h4 class=\"panel-title toggle\"><a aria-expanded=\"false\" aria-selected=\"false\" aria-controls=\"1a7d7ec98a9cffe9d\" role=\"tab\" data-toggle=\"collapse\" data-parent=\"#accordion-6112-4\" data-target=\"#1a7d7ec98a9cffe9d\" href=\"#1a7d7ec98a9cffe9d\"><span class=\"fusion-toggle-icon-wrapper\" aria-hidden=\"true\"><i class=\"fa-fusion-box\" aria-hidden=\"true\"><\/i><\/span><span class=\"fusion-toggle-heading\">Wie lauten die Zeiten f\u00fcr Ankunft\/Abreise?<\/span><\/a><\/h4><\/div><div id=\"1a7d7ec98a9cffe9d\" class=\"panel-collapse collapse \"><div class=\"panel-body toggle-content fusion-clearfix\">\n<ul>\n<li>CheckIn f\u00fcr die Vermietung von Unterk\u00fcnften: 16.00 bis 20.00 Uhr.<\/li>\n<li>CheckIn f\u00fcr die Vermietung von Stellpl\u00e4tzen auf dem Campingplatz: 14.00 bis 20.00 Uhr.<\/li>\n<li>Abreise vom Stellplatz: vor 12.00 Uhr.<\/li>\n<li>Abreise aus der Unterkunft: vor 11.00 Uhr.<\/li>\n<\/ul>\n<\/div><\/div><\/div><div class=\"fusion-panel panel-default\" role=\"tabpanel\"><div class=\"panel-heading\"><h4 class=\"panel-title toggle\"><a aria-expanded=\"false\" aria-selected=\"false\" aria-controls=\"345fbaed843dfeb40\" role=\"tab\" data-toggle=\"collapse\" data-parent=\"#accordion-6112-4\" data-target=\"#345fbaed843dfeb40\" href=\"#345fbaed843dfeb40\"><span class=\"fusion-toggle-icon-wrapper\" aria-hidden=\"true\"><i class=\"fa-fusion-box\" aria-hidden=\"true\"><\/i><\/span><span class=\"fusion-toggle-heading\">Mein Stellplatz steht ab 14 Uhr zur Verf\u00fcgung. Kann ich auch schon vorher auf den Campingplatz kommen?<\/span><\/a><\/h4><\/div><div id=\"345fbaed843dfeb40\" class=\"panel-collapse collapse \"><div class=\"panel-body toggle-content fusion-clearfix\">Ja, das ist problemlos m\u00f6glich. Sie k\u00f6nnen unsere Swimmingpools, die Bar usw. nutzen, aber Sie m\u00fcssen sich bis 14:00 Uhr gedulden, bis Sie Ihren Stellplatz erhalten.<\/div><\/div><\/div><div class=\"fusion-panel panel-default\" role=\"tabpanel\"><div class=\"panel-heading\"><h4 class=\"panel-title toggle\"><a aria-expanded=\"false\" aria-selected=\"false\" aria-controls=\"1830e8da415cadb31\" role=\"tab\" data-toggle=\"collapse\" data-parent=\"#accordion-6112-4\" data-target=\"#1830e8da415cadb31\" href=\"#1830e8da415cadb31\"><span class=\"fusion-toggle-icon-wrapper\" aria-hidden=\"true\"><i class=\"fa-fusion-box\" aria-hidden=\"true\"><\/i><\/span><span class=\"fusion-toggle-heading\">Meine Unterkunft ist ab 16 Uhr verf\u00fcgbar, kann ich auch fr\u00fcher anreisen?<\/span><\/a><\/h4><\/div><div id=\"1830e8da415cadb31\" class=\"panel-collapse collapse \"><div class=\"panel-body toggle-content fusion-clearfix\">Ja, das ist problemlos m\u00f6glich. Sie k\u00f6nnen unsere Swimmingpools, die Bar usw. nutzen, aber Sie m\u00fcssen sich bis 16:00 Uhr gedulden, bis Sie Ihre Mietunterkunft erhalten.  Sie k\u00f6nnen jedoch ab 14.00 Uhr an der Rezeption nachfragen, ob Ihre Unterkunft bereits fertig ist.<\/div><\/div><\/div><div class=\"fusion-panel panel-default\" role=\"tabpanel\"><div class=\"panel-heading\"><h4 class=\"panel-title toggle\"><a aria-expanded=\"false\" aria-selected=\"false\" aria-controls=\"3c16d147b1c5fd017\" role=\"tab\" data-toggle=\"collapse\" data-parent=\"#accordion-6112-4\" data-target=\"#3c16d147b1c5fd017\" href=\"#3c16d147b1c5fd017\"><span class=\"fusion-toggle-icon-wrapper\" aria-hidden=\"true\"><i class=\"fa-fusion-box\" aria-hidden=\"true\"><\/i><\/span><span class=\"fusion-toggle-heading\">M\u00fcssen wir einen Termin f\u00fcr die Abreise vereinbaren?<\/span><\/a><\/h4><\/div><div id=\"3c16d147b1c5fd017\" class=\"panel-collapse collapse \"><div class=\"panel-body toggle-content fusion-clearfix\">Nicht unbedingt, in unserer Einrichtung wird auf Vertrauen gesetzt. Uns w\u00e4re es lieber, wenn Sie w\u00e4hrend Ihres Aufenthalts oder am Tag vor der Abreise bei uns vorbeikommen, falls etwas kaputt gehen sollte. Wir ersetzen das Material unverz\u00fcglich (die Preise entnehmen Sie bitte der Inventarliste). Bitte kaufen Sie die kaputte Ausstattung nicht selbst in einem Gesch\u00e4ft, das ist nicht zielf\u00fchrend. Wir streben in unseren Mietunterk\u00fcnften eine einheitliche Ausstattung an, das ist f\u00fcr Sie angenehmer und f\u00fcr uns einfacher. Nach Ihrer Abreise \u00fcberpr\u00fcfen wir den Zustand Ihrer Unterkunft. Wenn die Unterkunft sauber hinterlassen wurde, wird Ihre Kaution vernichtet. Im Falle einer Besch\u00e4digung oder wenn die Unterkunft nicht sauber hinterlassen wurde, werden wir uns mit Ihnen in Verbindung setzen.<\/div><\/div><\/div><div class=\"fusion-panel panel-default\" role=\"tabpanel\"><div class=\"panel-heading\"><h4 class=\"panel-title toggle\"><a aria-expanded=\"false\" aria-selected=\"false\" aria-controls=\"9f9e237133836ed44\" role=\"tab\" data-toggle=\"collapse\" data-parent=\"#accordion-6112-4\" data-target=\"#9f9e237133836ed44\" href=\"#9f9e237133836ed44\"><span class=\"fusion-toggle-icon-wrapper\" aria-hidden=\"true\"><i class=\"fa-fusion-box\" aria-hidden=\"true\"><\/i><\/span><span class=\"fusion-toggle-heading\">M\u00fcssen Sie beim Beziehen der Unterkunft eine Kaution hinterlegen?<\/span><\/a><\/h4><\/div><div id=\"9f9e237133836ed44\" class=\"panel-collapse collapse \"><div class=\"panel-body toggle-content fusion-clearfix\">Ja, das ist richtig! Wir erheben eine Kaution von 300 \u20ac, um sicherzustellen, dass die Einrichtung der Unterkunft in Ordnung und die Unterkunft bei Ihrer Abreise sauber ist.<br \/>\nMehrere Zahlungsm\u00f6glichkeiten stehen zur Auswahl:<br \/>\nDigitale Kaution per E-Mail und \u00fcber die Website PAYZEN, der Betrag wird auf Ihrer Kreditkarte geblockt, aber nicht abgebucht und nach dem Checkout innerhalb von 10 Tagen storniert.<br \/>\nBankscheck bei Ankunft, der nach dem Checkout von uns vernichtet wird.<\/div><\/div><\/div><div class=\"fusion-panel panel-default\" role=\"tabpanel\"><div class=\"panel-heading\"><h4 class=\"panel-title toggle\"><a aria-expanded=\"false\" aria-selected=\"false\" aria-controls=\"8b7ac80106cc3e38c\" role=\"tab\" data-toggle=\"collapse\" data-parent=\"#accordion-6112-4\" data-target=\"#8b7ac80106cc3e38c\" href=\"#8b7ac80106cc3e38c\"><span class=\"fusion-toggle-icon-wrapper\" aria-hidden=\"true\"><i class=\"fa-fusion-box\" aria-hidden=\"true\"><\/i><\/span><span class=\"fusion-toggle-heading\">Wann erhalte ich meine Kaution zur\u00fcck?<\/span><\/a><\/h4><\/div><div id=\"8b7ac80106cc3e38c\" class=\"panel-collapse collapse \"><div class=\"panel-body toggle-content fusion-clearfix\">Die Kaution wird innerhalb von 10 Tagen nach Ihrer Abreise zur\u00fcckerstattet.<\/div><\/div><\/div><div class=\"fusion-panel panel-default\" role=\"tabpanel\"><div class=\"panel-heading\"><h4 class=\"panel-title toggle\"><a aria-expanded=\"false\" aria-selected=\"false\" aria-controls=\"2dc89999aaa4b6e1d\" role=\"tab\" data-toggle=\"collapse\" data-parent=\"#accordion-6112-4\" data-target=\"#2dc89999aaa4b6e1d\" href=\"#2dc89999aaa4b6e1d\"><span class=\"fusion-toggle-icon-wrapper\" aria-hidden=\"true\"><i class=\"fa-fusion-box\" aria-hidden=\"true\"><\/i><\/span><span class=\"fusion-toggle-heading\">Was ist bei einer versp\u00e4teten Ankunft zu beachten?<\/span><\/a><\/h4><\/div><div id=\"2dc89999aaa4b6e1d\" class=\"panel-collapse collapse \"><div class=\"panel-body toggle-content fusion-clearfix\">Kontaktieren Sie uns.<\/div><\/div><\/div><div class=\"fusion-panel panel-default\" role=\"tabpanel\"><div class=\"panel-heading\"><h4 class=\"panel-title toggle\"><a aria-expanded=\"false\" aria-selected=\"false\" aria-controls=\"c44710cf3afeef434\" role=\"tab\" data-toggle=\"collapse\" data-parent=\"#accordion-6112-4\" data-target=\"#c44710cf3afeef434\" href=\"#c44710cf3afeef434\"><span class=\"fusion-toggle-icon-wrapper\" aria-hidden=\"true\"><i class=\"fa-fusion-box\" aria-hidden=\"true\"><\/i><\/span><span class=\"fusion-toggle-heading\">Bis wie viel Uhr kann ich mit meinem Auto auf den Campingplatz fahren?<\/span><\/a><\/h4><\/div><div id=\"c44710cf3afeef434\" class=\"panel-collapse collapse \"><div class=\"panel-body toggle-content fusion-clearfix\">Von 23 bis 7 Uhr ist das Autofahren auf dem Campingplatz untersagt. Es gibt jedoch einen Parkplatz gegen\u00fcber der Rezeption.<\/div><\/div><\/div><\/div><\/div><\/div><\/div><style type=\"text\/css\">.fusion-body .fusion-builder-column-4{width:50% !important;margin-top : 0px;margin-bottom : 20px;}.fusion-builder-column-4 > .fusion-column-wrapper {padding-top : 0px !important;padding-right : 0px !important;margin-right : 3.84%;padding-bottom : 0px !important;padding-left : 0px !important;margin-left : 3.84%;}@media only screen and (max-width:1024px) {.fusion-body .fusion-builder-column-4{width:100% !important;order : 0;}.fusion-builder-column-4 > .fusion-column-wrapper {margin-right : 1.92%;margin-left : 1.92%;}}@media only screen and (max-width:640px) {.fusion-body .fusion-builder-column-4{width:100% !important;order : 0;}.fusion-builder-column-4 > .fusion-column-wrapper {margin-right : 1.92%;margin-left : 1.92%;}}<\/style><div class=\"fusion-layout-column fusion_builder_column fusion-builder-column-5 fusion_builder_column_1_2 1_2 fusion-flex-column\"><div class=\"fusion-column-wrapper fusion-flex-justify-content-flex-start fusion-content-layout-column\" style=\"background-position:left top;background-repeat:no-repeat;-webkit-background-size:cover;-moz-background-size:cover;-o-background-size:cover;background-size:cover;padding: 0px 0px 0px 0px;\"><style type=\"text\/css\">@media only screen and (max-width:1024px) {.fusion-title.fusion-title-5{margin-top:0px!important;margin-bottom:31px!important;}}@media only screen and (max-width:640px) {.fusion-title.fusion-title-5{margin-top:10px!important;margin-bottom:10px!important;}}<\/style><div class=\"fusion-title title fusion-title-5 fusion-sep-none fusion-title-text fusion-title-size-two\" style=\"margin-top:0px;margin-bottom:31px;\"><h2 class=\"title-heading-left\" style=\"margin:0;\">Diverses<\/h2><\/div><style type=\"text\/css\">.fusion-accordian  #accordion-6112-5 .panel-title a .fa-fusion-box{ color: #ffffff;}.fusion-accordian  #accordion-6112-5 .panel-title a .fa-fusion-box:before{ font-size: 16px; width: 16px;}.fusion-accordian  #accordion-6112-5 .panel-title a{font-size:20px;}.fusion-accordian  #accordion-6112-5 .fa-fusion-box { background-color: #212934;border-color: #212934;}.fusion-accordian  #accordion-6112-5 .panel-title a:hover, #accordion-6112-5 .fusion-toggle-boxed-mode:hover .panel-title a { color: #8abb00;}.fusion-accordian  #accordion-6112-5 .panel-title .active .fa-fusion-box,.fusion-accordian  #accordion-6112-5 .panel-title a:hover .fa-fusion-box { background-color: #8abb00!important;border-color: #8abb00!important;}<\/style><div class=\"accordian fusion-accordian\"><div class=\"panel-group\" id=\"accordion-6112-5\" role=\"tablist\"><div class=\"fusion-panel panel-default\" role=\"tabpanel\"><div class=\"panel-heading\"><h4 class=\"panel-title toggle\"><a aria-expanded=\"false\" aria-selected=\"false\" aria-controls=\"aabdca000ad21745c\" role=\"tab\" data-toggle=\"collapse\" data-parent=\"#accordion-6112-5\" data-target=\"#aabdca000ad21745c\" href=\"#aabdca000ad21745c\"><span class=\"fusion-toggle-icon-wrapper\" aria-hidden=\"true\"><i class=\"fa-fusion-box\" aria-hidden=\"true\"><\/i><\/span><span class=\"fusion-toggle-heading\">Gibt es eine Brosch\u00fcre vom Campingplatz?<\/span><\/a><\/h4><\/div><div id=\"aabdca000ad21745c\" class=\"panel-collapse collapse \"><div class=\"panel-body toggle-content fusion-clearfix\">\n<p>Aus Umweltschutzgr\u00fcnden haben wir kein gedrucktes Informationsmaterial auf dem Campingplatz und verzichten weitgehend auf Postsendungen.<\/p>\n<\/div><\/div><\/div><div class=\"fusion-panel panel-default\" role=\"tabpanel\"><div class=\"panel-heading\"><h4 class=\"panel-title toggle\"><a aria-expanded=\"false\" aria-selected=\"false\" aria-controls=\"121a042dcf5193549\" role=\"tab\" data-toggle=\"collapse\" data-parent=\"#accordion-6112-5\" data-target=\"#121a042dcf5193549\" href=\"#121a042dcf5193549\"><span class=\"fusion-toggle-icon-wrapper\" aria-hidden=\"true\"><i class=\"fa-fusion-box\" aria-hidden=\"true\"><\/i><\/span><span class=\"fusion-toggle-heading\">Gibt es auf dem Campingplatz einen Waschsalon? <\/span><\/a><\/h4><\/div><div id=\"121a042dcf5193549\" class=\"panel-collapse collapse \"><div class=\"panel-body toggle-content fusion-clearfix\">Ja, in jedem Sanit\u00e4rblock finden Sie auch einen Bereich mit Waschautomaten, der rund um die Uhr f\u00fcr Sie ge\u00f6ffnet ist. Geb\u00fchr: 2 \u20ac. Waschmittel darf nur in Kapselform verwendet werden.<\/div><\/div><\/div><div class=\"fusion-panel panel-default\" role=\"tabpanel\"><div class=\"panel-heading\"><h4 class=\"panel-title toggle\"><a aria-expanded=\"false\" aria-selected=\"false\" aria-controls=\"92d4bf53728278964\" role=\"tab\" data-toggle=\"collapse\" data-parent=\"#accordion-6112-5\" data-target=\"#92d4bf53728278964\" href=\"#92d4bf53728278964\"><span class=\"fusion-toggle-icon-wrapper\" aria-hidden=\"true\"><i class=\"fa-fusion-box\" aria-hidden=\"true\"><\/i><\/span><span class=\"fusion-toggle-heading\">Ist das Grillen erlaubt?<\/span><\/a><\/h4><\/div><div id=\"92d4bf53728278964\" class=\"panel-collapse collapse \"><div class=\"panel-body toggle-content fusion-clearfix\">Ja, aber nur mit einem Elektrogrill. Gem\u00e4\u00df eines Pr\u00e4fekturerlasses ist das Grillen mit Holzkohle strengstens untersagt. Ein Grillplatz vor der Rezeption steht Ihnen jedoch kostenlos zur freien Verf\u00fcgung. Hier ist das Grillen erlaubt, da es unter Einhaltung aller Sicherheitsvorschriften erfolgt.<\/div><\/div><\/div><div class=\"fusion-panel panel-default\" role=\"tabpanel\"><div class=\"panel-heading\"><h4 class=\"panel-title toggle\"><a aria-expanded=\"false\" aria-selected=\"false\" aria-controls=\"d4a80cfaf2807e3f0\" role=\"tab\" data-toggle=\"collapse\" data-parent=\"#accordion-6112-5\" data-target=\"#d4a80cfaf2807e3f0\" href=\"#d4a80cfaf2807e3f0\"><span class=\"fusion-toggle-icon-wrapper\" aria-hidden=\"true\"><i class=\"fa-fusion-box\" aria-hidden=\"true\"><\/i><\/span><span class=\"fusion-toggle-heading\">Gibt es WLAN auf dem Campingplatz?<\/span><\/a><\/h4><\/div><div id=\"d4a80cfaf2807e3f0\" class=\"panel-collapse collapse \"><div class=\"panel-body toggle-content fusion-clearfix\">WLAN ist auf dem gesamten Campingplatz verf\u00fcgbar, also auch in Ihrem Mobilheim. Um Zugang zu erhalten, m\u00fcssen Sie sich mit dem WLAN-Netzwerk des Campingplatzes verbinden: Starten Sie hierf\u00fcr Ihren Browser, w\u00e4hlen Sie die Anzahl der gew\u00fcnschten Tage und bezahlen Sie mit Ihrer Kreditkarte. Der Service wird sofort aktiviert.<br \/>\nGeb\u00fchr: 1 \u20ac\/24 h und pro Telefon\/Tablet\/Computer.<\/div><\/div><\/div><div class=\"fusion-panel panel-default\" role=\"tabpanel\"><div class=\"panel-heading\"><h4 class=\"panel-title toggle\"><a aria-expanded=\"false\" aria-selected=\"false\" aria-controls=\"bc1b2816602dfd305\" role=\"tab\" data-toggle=\"collapse\" data-parent=\"#accordion-6112-5\" data-target=\"#bc1b2816602dfd305\" href=\"#bc1b2816602dfd305\"><span class=\"fusion-toggle-icon-wrapper\" aria-hidden=\"true\"><i class=\"fa-fusion-box\" aria-hidden=\"true\"><\/i><\/span><span class=\"fusion-toggle-heading\">Wie lange sind die Pools ge\u00f6ffnet?<\/span><\/a><\/h4><\/div><div id=\"bc1b2816602dfd305\" class=\"panel-collapse collapse \"><div class=\"panel-body toggle-content fusion-clearfix\">\n<p>Unsere Pools sind t\u00e4glich von 10.00 bis 19.00 Uhr f\u00fcr Sie ge\u00f6ffnet.<\/p>\n<\/div><\/div><\/div><div class=\"fusion-panel panel-default\" role=\"tabpanel\"><div class=\"panel-heading\"><h4 class=\"panel-title toggle\"><a aria-expanded=\"false\" aria-selected=\"false\" aria-controls=\"061f5a2a1c1d84b35\" role=\"tab\" data-toggle=\"collapse\" data-parent=\"#accordion-6112-5\" data-target=\"#061f5a2a1c1d84b35\" href=\"#061f5a2a1c1d84b35\"><span class=\"fusion-toggle-icon-wrapper\" aria-hidden=\"true\"><i class=\"fa-fusion-box\" aria-hidden=\"true\"><\/i><\/span><span class=\"fusion-toggle-heading\">Sind die Pools beheizt?<\/span><\/a><\/h4><\/div><div id=\"061f5a2a1c1d84b35\" class=\"panel-collapse collapse \"><div class=\"panel-body toggle-content fusion-clearfix\">\n<p>Unsere Schwimmbecken sind die ganze Saison \u00fcber auf 25\u00b0 C beheizt.<\/p>\n<\/div><\/div><\/div><div class=\"fusion-panel panel-default\" role=\"tabpanel\"><div class=\"panel-heading\"><h4 class=\"panel-title toggle\"><a aria-expanded=\"false\" aria-selected=\"false\" aria-controls=\"2bbbda1dcc456d506\" role=\"tab\" data-toggle=\"collapse\" data-parent=\"#accordion-6112-5\" data-target=\"#2bbbda1dcc456d506\" href=\"#2bbbda1dcc456d506\"><span class=\"fusion-toggle-icon-wrapper\" aria-hidden=\"true\"><i class=\"fa-fusion-box\" aria-hidden=\"true\"><\/i><\/span><span class=\"fusion-toggle-heading\">Sind Badeshorts im Poolbereich erlaubt?<\/span><\/a><\/h4><\/div><div id=\"2bbbda1dcc456d506\" class=\"panel-collapse collapse \"><div class=\"panel-body toggle-content fusion-clearfix\">Wie in allen \u00f6ffentlichen Schwimmb\u00e4dern ist das Tragen von Badeshorts im Badebereich verboten. Lange Shorts und Boxershorts sind nur f\u00fcr den Strand bestimmt. Im Pool sind nur Badeboxershorts oder Badeslips erlaubt, da diese u. a. besser zum Schwimmen geeignet sind. Schwimmanz\u00fcge oder UV-Schutzkleidung sind erlaubt, wenn sie ausschlie\u00dflich im Pool verwendet werden.<\/div><\/div><\/div><div class=\"fusion-panel panel-default\" role=\"tabpanel\"><div class=\"panel-heading\"><h4 class=\"panel-title toggle\"><a aria-expanded=\"false\" aria-selected=\"false\" aria-controls=\"3bf51e6b569e71bae\" role=\"tab\" data-toggle=\"collapse\" data-parent=\"#accordion-6112-5\" data-target=\"#3bf51e6b569e71bae\" href=\"#3bf51e6b569e71bae\"><span class=\"fusion-toggle-icon-wrapper\" aria-hidden=\"true\"><i class=\"fa-fusion-box\" aria-hidden=\"true\"><\/i><\/span><span class=\"fusion-toggle-heading\">Wird das Baden in den Pools beaufsichtigt?<\/span><\/a><\/h4><\/div><div id=\"3bf51e6b569e71bae\" class=\"panel-collapse collapse \"><div class=\"panel-body toggle-content fusion-clearfix\">\n<p>Nein, es gibt keinen Bademeister.<\/p>\n<\/div><\/div><\/div><div class=\"fusion-panel panel-default\" role=\"tabpanel\"><div class=\"panel-heading\"><h4 class=\"panel-title toggle\"><a aria-expanded=\"false\" aria-selected=\"false\" aria-controls=\"60ba93f2a540f476f\" role=\"tab\" data-toggle=\"collapse\" data-parent=\"#accordion-6112-5\" data-target=\"#60ba93f2a540f476f\" href=\"#60ba93f2a540f476f\"><span class=\"fusion-toggle-icon-wrapper\" aria-hidden=\"true\"><i class=\"fa-fusion-box\" aria-hidden=\"true\"><\/i><\/span><span class=\"fusion-toggle-heading\">Bieten Sie den ganzen Sommer \u00fcber ein Animationsprogramm an?<\/span><\/a><\/h4><\/div><div id=\"60ba93f2a540f476f\" class=\"panel-collapse collapse \"><div class=\"panel-body toggle-content fusion-clearfix\">\n<p>Ja, es gibt viele verschiedene Angebote, die sich an ein junges und \u00e4lteres Publikum richten!<\/p>\n<\/div><\/div><\/div><div class=\"fusion-panel panel-default\" role=\"tabpanel\"><div class=\"panel-heading\"><h4 class=\"panel-title toggle\"><a aria-expanded=\"false\" aria-selected=\"false\" aria-controls=\"91abf73f05bef997a\" role=\"tab\" data-toggle=\"collapse\" data-parent=\"#accordion-6112-5\" data-target=\"#91abf73f05bef997a\" href=\"#91abf73f05bef997a\"><span class=\"fusion-toggle-icon-wrapper\" aria-hidden=\"true\"><i class=\"fa-fusion-box\" aria-hidden=\"true\"><\/i><\/span><span class=\"fusion-toggle-heading\">Haben Sie einen Kinderclub?<\/span><\/a><\/h4><\/div><div id=\"91abf73f05bef997a\" class=\"panel-collapse collapse \"><div class=\"panel-body toggle-content fusion-clearfix\">Ja, wir haben einen Kinderclub, in dem sich eine Betreuerin um Ihre Kinder ab 4 Jahren k\u00fcmmert.<br \/>\nEs werden verschiedene Aktivit\u00e4ten angeboten, die je nach Wetter im Freien oder in einem geschlossenen Raum stattfinden.<\/div><\/div><\/div><div class=\"fusion-panel panel-default\" role=\"tabpanel\"><div class=\"panel-heading\"><h4 class=\"panel-title toggle\"><a aria-expanded=\"false\" aria-selected=\"false\" aria-controls=\"9f8dd96a44208826b\" role=\"tab\" data-toggle=\"collapse\" data-parent=\"#accordion-6112-5\" data-target=\"#9f8dd96a44208826b\" href=\"#9f8dd96a44208826b\"><span class=\"fusion-toggle-icon-wrapper\" aria-hidden=\"true\"><i class=\"fa-fusion-box\" aria-hidden=\"true\"><\/i><\/span><span class=\"fusion-toggle-heading\">Wie weit sind die n\u00e4chsten Einkaufsm\u00f6glichkeiten entfernt?<\/span><\/a><\/h4><\/div><div id=\"9f8dd96a44208826b\" class=\"panel-collapse collapse \"><div class=\"panel-body toggle-content fusion-clearfix\">Auf dem Campingplatz gibt es einen Brot- und Geb\u00e4ckservice, der am Vortag bestellt werden kann.<br \/>\nIm 10 km entfernten Largenti\u00e8re finden Sie einen Carrefour-Supermarkt.<\/div><\/div><\/div><\/div><\/div><\/div><\/div><style type=\"text\/css\">.fusion-body .fusion-builder-column-5{width:50% !important;margin-top : 0px;margin-bottom : 20px;}.fusion-builder-column-5 > .fusion-column-wrapper {padding-top : 0px !important;padding-right : 0px !important;margin-right : 3.84%;padding-bottom : 0px !important;padding-left : 0px !important;margin-left : 3.84%;}@media only screen and (max-width:1024px) {.fusion-body .fusion-builder-column-5{width:100% !important;order : 0;}.fusion-builder-column-5 > .fusion-column-wrapper {margin-right : 1.92%;margin-left : 1.92%;}}@media only screen and (max-width:640px) {.fusion-body .fusion-builder-column-5{width:100% !important;order : 0;}.fusion-builder-column-5 > .fusion-column-wrapper {margin-right : 1.92%;margin-left : 1.92%;}}<\/style><div class=\"fusion-layout-column fusion_builder_column fusion-builder-column-6 fusion_builder_column_1_2 1_2 fusion-flex-column\"><div class=\"fusion-column-wrapper fusion-flex-justify-content-flex-start fusion-content-layout-column\" style=\"background-position:left top;background-repeat:no-repeat;-webkit-background-size:cover;-moz-background-size:cover;-o-background-size:cover;background-size:cover;padding: 0px 0px 0px 0px;\"><style type=\"text\/css\">@media only screen and (max-width:1024px) {.fusion-title.fusion-title-6{margin-top:0px!important;margin-bottom:31px!important;}}@media only screen and (max-width:640px) {.fusion-title.fusion-title-6{margin-top:10px!important;margin-bottom:10px!important;}}<\/style><div class=\"fusion-title title fusion-title-6 fusion-sep-none fusion-title-text fusion-title-size-two\" style=\"margin-top:0px;margin-bottom:31px;\"><h2 class=\"title-heading-left\" style=\"margin:0;\">Der Campingplatz<\/h2><\/div><style type=\"text\/css\">.fusion-accordian  #accordion-6112-6 .panel-title a .fa-fusion-box{ color: #ffffff;}.fusion-accordian  #accordion-6112-6 .panel-title a .fa-fusion-box:before{ font-size: 16px; width: 16px;}.fusion-accordian  #accordion-6112-6 .panel-title a{font-size:20px;}.fusion-accordian  #accordion-6112-6 .fa-fusion-box { background-color: #212934;border-color: #212934;}.fusion-accordian  #accordion-6112-6 .panel-title a:hover, #accordion-6112-6 .fusion-toggle-boxed-mode:hover .panel-title a { color: #8abb00;}.fusion-accordian  #accordion-6112-6 .panel-title .active .fa-fusion-box,.fusion-accordian  #accordion-6112-6 .panel-title a:hover .fa-fusion-box { background-color: #8abb00!important;border-color: #8abb00!important;}<\/style><div class=\"accordian fusion-accordian\"><div class=\"panel-group\" id=\"accordion-6112-6\" role=\"tablist\"><div class=\"fusion-panel panel-default\" role=\"tabpanel\"><div class=\"panel-heading\"><h4 class=\"panel-title toggle\"><a aria-expanded=\"false\" aria-selected=\"false\" aria-controls=\"e6fb9a729b38b7e67\" role=\"tab\" data-toggle=\"collapse\" data-parent=\"#accordion-6112-6\" data-target=\"#e6fb9a729b38b7e67\" href=\"#e6fb9a729b38b7e67\"><span class=\"fusion-toggle-icon-wrapper\" aria-hidden=\"true\"><i class=\"fa-fusion-box\" aria-hidden=\"true\"><\/i><\/span><span class=\"fusion-toggle-heading\">Wie viele Stellpl\u00e4tze gibt es?<\/span><\/a><\/h4><\/div><div id=\"e6fb9a729b38b7e67\" class=\"panel-collapse collapse \"><div class=\"panel-body toggle-content fusion-clearfix\">\n<ul>\n<li>Gesamtzahl der Stellpl\u00e4tze: 97<\/li>\n<li>Anzahl der Standpl\u00e4tze f\u00fcr Zelte, Wohnwagen oder Wohnmobile : 52<\/li>\n<li>Anzahl der Mietunterk\u00fcnfte: 45<\/li>\n<\/ul>\n<\/div><\/div><\/div><div class=\"fusion-panel panel-default\" role=\"tabpanel\"><div class=\"panel-heading\"><h4 class=\"panel-title toggle\"><a aria-expanded=\"false\" aria-selected=\"false\" aria-controls=\"c0846fc76d3893f69\" role=\"tab\" data-toggle=\"collapse\" data-parent=\"#accordion-6112-6\" data-target=\"#c0846fc76d3893f69\" href=\"#c0846fc76d3893f69\"><span class=\"fusion-toggle-icon-wrapper\" aria-hidden=\"true\"><i class=\"fa-fusion-box\" aria-hidden=\"true\"><\/i><\/span><span class=\"fusion-toggle-heading\">Wie gro\u00df ist die Fl\u00e4che des Campingplatzes?<\/span><\/a><\/h4><\/div><div id=\"c0846fc76d3893f69\" class=\"panel-collapse collapse \"><div class=\"panel-body toggle-content fusion-clearfix\">\n<p>Der Campingplatz ist 4,5 Hektar gro\u00df.<\/p>\n<\/div><\/div><\/div><div class=\"fusion-panel panel-default\" role=\"tabpanel\"><div class=\"panel-heading\"><h4 class=\"panel-title toggle\"><a aria-expanded=\"false\" aria-selected=\"false\" aria-controls=\"fc12248d615858de6\" role=\"tab\" data-toggle=\"collapse\" data-parent=\"#accordion-6112-6\" data-target=\"#fc12248d615858de6\" href=\"#fc12248d615858de6\"><span class=\"fusion-toggle-icon-wrapper\" aria-hidden=\"true\"><i class=\"fa-fusion-box\" aria-hidden=\"true\"><\/i><\/span><span class=\"fusion-toggle-heading\">Ein \u201eSites et Paysages\u201c-Campingplatz<\/span><\/a><\/h4><\/div><div id=\"fc12248d615858de6\" class=\"panel-collapse collapse \"><div class=\"panel-body toggle-content fusion-clearfix\">Unsere 12-j\u00e4hrige Mitgliedschaft in diesem Netzwerk ist ein Garant f\u00fcr die Qualit\u00e4t Ihres Aufenthalts im Allgemeinen, bietet jedoch zugleich eine Garantie, einen reizvollen Ort vorzufinden, an dem die Natur ihre Wunder voll entfaltet. Entdecken Sites et Paysages de France (Qualit\u00e4tssiegel f\u00fcr Naturcampingpl\u00e4tze in Frankreich).<br \/>\nHolen Sie sich die Camping Tour-Treuekarte: Fragen Sie an der Rezeption danach und profitieren Sie von kostenlosen \u00dcbernachtungen auf einem der Campingpl\u00e4tze des Netzwerks Sites et Paysages in Frankreich oder Camping Red in Spanien: siehe Vorteile.<\/div><\/div><\/div><\/div><\/div><\/div><\/div><style type=\"text\/css\">.fusion-body .fusion-builder-column-6{width:50% !important;margin-top : 0px;margin-bottom : 20px;}.fusion-builder-column-6 > .fusion-column-wrapper {padding-top : 0px !important;padding-right : 0px !important;margin-right : 3.84%;padding-bottom : 0px !important;padding-left : 0px !important;margin-left : 3.84%;}@media only screen and (max-width:1024px) {.fusion-body .fusion-builder-column-6{width:100% !important;order : 0;}.fusion-builder-column-6 > .fusion-column-wrapper {margin-right : 1.92%;margin-left : 1.92%;}}@media only screen and (max-width:640px) {.fusion-body .fusion-builder-column-6{width:100% !important;order : 0;}.fusion-builder-column-6 > .fusion-column-wrapper {margin-right : 1.92%;margin-left : 1.92%;}}<\/style><\/div><style type=\"text\/css\">.fusion-body .fusion-flex-container.fusion-builder-row-1{ padding-top : 0px;margin-top : 0px;padding-right : 0px;padding-bottom : 0px;margin-bottom : 0px;padding-left : 0px;}<\/style><\/div>\n","protected":false},"excerpt":{"rendered":"","protected":false},"author":1,"featured_media":0,"parent":0,"menu_order":0,"comment_status":"closed","ping_status":"closed","template":"","meta":{"_acf_changed":false,"footnotes":""},"class_list":["post-6112","page","type-page","status-publish","hentry"],"acf":[],"_links":{"self":[{"href":"https:\/\/www.lamarette.com\/de\/wp-json\/wp\/v2\/pages\/6112","targetHints":{"allow":["GET"]}}],"collection":[{"href":"https:\/\/www.lamarette.com\/de\/wp-json\/wp\/v2\/pages"}],"about":[{"href":"https:\/\/www.lamarette.com\/de\/wp-json\/wp\/v2\/types\/page"}],"author":[{"embeddable":true,"href":"https:\/\/www.lamarette.com\/de\/wp-json\/wp\/v2\/users\/1"}],"replies":[{"embeddable":true,"href":"https:\/\/www.lamarette.com\/de\/wp-json\/wp\/v2\/comments?post=6112"}],"version-history":[{"count":2,"href":"https:\/\/www.lamarette.com\/de\/wp-json\/wp\/v2\/pages\/6112\/revisions"}],"predecessor-version":[{"id":6114,"href":"https:\/\/www.lamarette.com\/de\/wp-json\/wp\/v2\/pages\/6112\/revisions\/6114"}],"wp:attachment":[{"href":"https:\/\/www.lamarette.com\/de\/wp-json\/wp\/v2\/media?parent=6112"}],"curies":[{"name":"wp","href":"https:\/\/api.w.org\/{rel}","templated":true}]}}